{"id":27047,"date":"2025-03-25T16:05:41","date_gmt":"2025-03-25T16:05:41","guid":{"rendered":"https:\/\/ensemble.cymru\/?page_id=27047"},"modified":"2025-05-09T13:00:05","modified_gmt":"2025-05-09T13:00:05","slug":"nodiadau-rhaglen-mai-2025","status":"publish","type":"page","link":"https:\/\/ensemble.cymru\/cy\/darganfod-cerddoriaeth-siambr\/nodiadau-rhaglen-mai-2025\/","title":{"rendered":"Cread y Triawd Cyrs"},"content":{"rendered":"\n<p>gan Jonathan Lyness<\/p>\n\n\n\n<p><br>Ar \u00f4l y Rhyfel Byd Cyntaf, roedd Margaret a Gwendoline Davies yn \u00f4l o Ffrainc ac yn brysur yn sefydlu Neuadd Gregynog fel canolfan lewyrchus ar gyfer y celfyddydau perfformio; Margaret yn hongian paentiadau Ffrengig a gasglwyd yn ystod teithiau Ewropeaidd y chwiorydd cyn y rhyfel; a Gwendoline yn trefnu gwasanaethau cerddorol, cyngherddau corawl a <em>soir\u00e9es<\/em> cerddoriaeth siambr ac yn chwarae yr organ hardd yn Ystafell Gerdd Gregynog.<\/p>\n\n\n\n<p>Ar yr un pryd, roedd rhywbeth rhyfedd yn digwydd draw yn Ffrainc. Roedd y Triawd Cyrs yn cael ei ddyfeisio! Syniad cwbl Ffrengig ydoedd ac fe&#8217;i dilynodd, nid yn fuan ar \u00f4l dyfeisio&#8217;r Pumawd Chwyth yn gynharach. Mae&#8217;n debyg ei bod yn anochel y dylai rhywun fod wedi meddwl amdano. Yn y pen draw!<\/p>\n\n\n\n<figure class=\"wp-block-image size-full\"><a href=\"https:\/\/ensemble.cymru\/wp-content\/uploads\/2025\/04\/Ange-Flegier-the-father-of-the-Reed-Trio.jpg\"><img loading=\"lazy\" decoding=\"async\" width=\"604\" height=\"808\" src=\"https:\/\/ensemble.cymru\/wp-content\/uploads\/2025\/04\/Ange-Flegier-the-father-of-the-Reed-Trio.jpg\" alt=\"\" class=\"wp-image-27051\" srcset=\"https:\/\/ensemble.cymru\/wp-content\/uploads\/2025\/04\/Ange-Flegier-the-father-of-the-Reed-Trio.jpg 604w, https:\/\/ensemble.cymru\/wp-content\/uploads\/2025\/04\/Ange-Flegier-the-father-of-the-Reed-Trio-224x300.jpg 224w\" sizes=\"auto, (max-width: 604px) 100vw, 604px\" \/><\/a><figcaption class=\"wp-element-caption\">Ange Fl\u00e9gier &#8211; dyfeisydd y Triawd Cyrs<\/figcaption><\/figure>\n\n\n\n<p><br>Mewn gwirionedd, y cyfansoddwr a&#8217;r arlunydd Ffrengig Ange Fl\u00e9gier a ddyfeisiodd o. Heddiw, mae&#8217;r enw Fl\u00e9gier bron yn llwyr wedi&#8217;i anghofio, ond ym 1896, ar \u00f4l rhoi cynnig ar wahanol gyfuniadau o offerynnau chwyth, ysgrifennodd Driawd ar gyfer Obo, Clarin\u00e9t a Bas\u0175n, y gwaith cyntaf y gwyddys amdano o&#8217;r math hwn. Ryw ddeg ar hugain o flynyddoedd yn ddiweddarach, ym Mharis yn y 1920au, ymddangosodd y Triawd Cyrs (Trio d\u2019Anches) proffesiynol cyntaf \u2013 y \u2018Trio d\u2019Anches de Paris\u2019 \u2013 yn cynnwys yr oboist Myrtile Morel, y clarinetydd Pierre Lef\u00e8bvre a\u2019r baswnydd Fernand Oubradous. Yna, yn syth, daeth driawd Ffrengig arall i gystadlu yn ei erbyn\u2013 y \u2018<em>Trio d\u2019Anches Ren\u00e9 Daraux\u2019<\/em>. Roedd y gystadleuaeth yn ffyrnig (!) wrth i\u2019r ddau driawd ymladd i sicrhau\u2019r comisiynau gorau gan gyfansoddwyr pennaf Ffrainc.<\/p>\n\n\n\n<p>Y canlyniad yw can mlynedd o weithiau anhygoel i\u2019r gr\u0175p offerynnol hwn. Mae p\u00e2r o gyngherddau\u2019r mis hwn, rhan o Gyfres Ystafell Gerdd Ensemble Cymru, yn cynnwys Triawd Cyrs mewnol Ensemble Cymru \u2013 yr ob\u00f6ydd, Huw Clement-Evans, y clarinetydd Christopher Goodman a\u2019r baswnydd Alanna Pennar-Macfarlane. Byddan nhw\u2019n perfformio dau waith Ffrengig o ganol y 1930au, ar adeg pan oedd G\u0175yl Gerddoriaeth Gregynog ar ei hanterth, a brwdfrydedd am y Triawd Cyrs yn Ffrainc allan o reolaeth, a dweud y gwir! Cyfansoddodd Jacques Ibert ei <strong>Cinq Pi\u00e8ces<\/strong> (Pump Darn) ym 1935, a chreodd Darius Milhaud ei Suite d\u2019apr\u00e8s Corrette ym 1937 gan ddefnyddio ei gerddoriaeth achlysurol ei hun ar gyfer cynhyrchiad ym Mharis o<em> Romeo a Juliet<\/em>. Mae&#8217;r ddau waith yn defnyddio arddull neo-glasurol, nodwedd boblogaidd yn Ffrainc (meddyliwch am <em>Le Tombeau de Couperin<\/em> enwog Ravel). Mae gan y ddau waith nifer o symudiadau byr (rhai yn para llai na munud) yn amrywio o ddawnsfeydd bywiog i <em>andantes<\/em> myfyriol; ac mae&#8217;r ddau waith yn cynnwys cwcw!<br><br>Ni lwyddodd y Triawd Cyrs erioed i ffynnu ym Mhrydain yn yr 20fed ganrif, er ysgrifennwyd un gan y cyfansoddwr enwog o Loegr, Gordon Jacob. Roedd Gordon Jacob, Darius Milhaud a Jacques Ibert bron yn union yn gyfoedion, er bod y Triawd gan Jacob yn \u00f4l pob tebyg wedi cyrraedd yn ddiweddarach (nid yw ei ddyddiad yn hysbys). Fel ei ragflaenwyr Ffrengig mae ganddo deimlad llawen, tebyg i ddawns gyda chyfeiriad at arddulliau cynharach. Cyfansoddodd y gyfansoddwraig Brydeinig Cecilia McDowall, a aned ym 1951 ac sy&#8217;n dal i fod gyda ni, ei Century Dances yn 2005. Gyda nhw mae hi&#8217;n edrych yn \u00f4l dros amser o&#8217;r 18fed ganrif hyd heddiw, gyda dawnsfeydd i gynrychioli pob oes \u2013 Allemande bar\u00f3c, Minuet, Mazurka Pwylaidd a Tango i orffen!<\/p>\n\n\n\n<p><\/p>\n\n\n\n<h2 class=\"wp-block-heading\">Cerddorion<\/h2>\n\n\n\n<p>Christopher Goodman \u2013 clarin\u00e9t<br>Huw Clement-Evans \u2013 obo<br>Alanna Pennar-Macfarlane&nbsp;\u2013 bas\u0175n<\/p>\n\n\n\n<h2 class=\"wp-block-heading\">Rhaglen<\/h2>\n\n\n\n<ul class=\"wp-block-list\">\n<li><strong>Jacques Ibert<\/strong> &#8211; Cinq Pi\u00e8ces ar gyfer Obo, Clarin\u00e9t a Bas\u0175n (1935) 8\u2019<\/li>\n\n\n\n<li><strong>Darius Milhaud<\/strong> &#8211; Suite d\u2019apr\u00e8s Corrette ar gyfer Obo, Clarin\u00e9t a Bas\u0175n (1937) 9\u2019<\/li>\n\n\n\n<li><strong>Gordon Jacob<\/strong> &#8211; Triawd ar gyfer Obo, Clarin\u00e9t a Bas\u0175n 10\u2019<\/li>\n\n\n\n<li><strong>Cecilia McDowall<\/strong> &#8211; Century Dances ar gyfer Obo, Clarin\u00e9t a Bas\u0175n (2005) 12\u2019<\/li>\n<\/ul>\n\n\n\n<h2 class=\"wp-block-heading\">Cysylltiadau<\/h2>\n\n\n\n<ul class=\"wp-block-list\">\n<li><a href=\"https:\/\/ensemble.cymru\/cy\/events\/yr-ystafell-gerdd-gregynog-7\/\">Eglwys Sant Cynon, Tregynon &#8211; 10\/05\/25<\/a><\/li>\n\n\n\n<li><a href=\"https:\/\/ensemble.cymru\/cy\/events\/yr-ystafell-gerdd-eglwys-santes-fair-7\/\">Yr Ystafell Gerdd, Eglwys Santes Fair &#8211; 11\/05\/25<\/a><\/li>\n<\/ul>\n","protected":false},"excerpt":{"rendered":"<p>gan Jonathan Lyness Ar \u00f4l y Rhyfel Byd Cyntaf, roedd Margaret a Gwendoline Davies yn \u00f4l o Ffrainc ac yn brysur yn sefydlu Neuadd Gregynog fel canolfan lewyrchus ar gyfer y celfyddydau perfformio; Margaret yn hongian paentiadau Ffrengig a gasglwyd yn ystod teithiau Ewropeaidd y chwiorydd cyn y rhyfel; a Gwendoline yn trefnu gwasanaethau cerddorol,&hellip; <a class=\"more-link\" href=\"https:\/\/ensemble.cymru\/cy\/darganfod-cerddoriaeth-siambr\/nodiadau-rhaglen-mai-2025\/\">Parhau i ddarllen <span class=\"screen-reader-text\">Cread y Triawd Cyrs<\/span><\/a><\/p>\n","protected":false},"author":54,"featured_media":0,"parent":27018,"menu_order":0,"comment_status":"closed","ping_status":"closed","template":"","meta":{"inline_featured_image":false,"footnotes":""},"class_list":["post-27047","page","type-page","status-publish","hentry","entry"],"yoast_head":"<!-- This site is optimized with the Yoast SEO plugin v27.5 - https:\/\/yoast.com\/product\/yoast-seo-wordpress\/ -->\n<title>Cread y Triawd Cyrs - Ensemble Cymru<\/title>\n<meta name=\"robots\" content=\"index, follow, max-snippet:-1, max-image-preview:large, max-video-preview:-1\" \/>\n<link rel=\"canonical\" href=\"https:\/\/ensemble.cymru\/cy\/darganfod-cerddoriaeth-siambr\/nodiadau-rhaglen-mai-2025\/\" \/>\n<meta property=\"og:locale\" content=\"en_US\" \/>\n<meta property=\"og:type\" content=\"article\" \/>\n<meta property=\"og:title\" content=\"Cread y Triawd Cyrs - Ensemble Cymru\" \/>\n<meta property=\"og:description\" content=\"gan Jonathan Lyness Ar \u00f4l y Rhyfel Byd Cyntaf, roedd Margaret a Gwendoline Davies yn \u00f4l o Ffrainc ac yn brysur yn sefydlu Neuadd Gregynog fel canolfan lewyrchus ar gyfer y celfyddydau perfformio; Margaret yn hongian paentiadau Ffrengig a gasglwyd yn ystod teithiau Ewropeaidd y chwiorydd cyn y rhyfel; a Gwendoline yn trefnu gwasanaethau cerddorol,&hellip; Parhau i ddarllen Cread y Triawd Cyrs\" \/>\n<meta property=\"og:url\" content=\"https:\/\/ensemble.cymru\/cy\/darganfod-cerddoriaeth-siambr\/nodiadau-rhaglen-mai-2025\/\" \/>\n<meta property=\"og:site_name\" content=\"Ensemble Cymru\" \/>\n<meta property=\"article:publisher\" content=\"https:\/\/www.facebook.com\/EnsCymru\/\" \/>\n<meta property=\"article:modified_time\" content=\"2025-05-09T13:00:05+00:00\" \/>\n<meta property=\"og:image\" content=\"https:\/\/ensemble.cymru\/wp-content\/uploads\/2025\/04\/Ange-Flegier-the-father-of-the-Reed-Trio.jpg\" \/>\n\t<meta property=\"og:image:width\" content=\"604\" \/>\n\t<meta property=\"og:image:height\" content=\"808\" \/>\n\t<meta property=\"og:image:type\" content=\"image\/jpeg\" \/>\n<meta name=\"twitter:card\" content=\"summary_large_image\" \/>\n<meta name=\"twitter:site\" content=\"@EnsCymru\" \/>\n<meta name=\"twitter:label1\" content=\"Est. reading time\" \/>\n\t<meta name=\"twitter:data1\" content=\"3 munud\" \/>\n<script type=\"application\/ld+json\" class=\"yoast-schema-graph\">{\"@context\":\"https:\\\/\\\/schema.org\",\"@graph\":[{\"@type\":\"WebPage\",\"@id\":\"https:\\\/\\\/ensemble.cymru\\\/cy\\\/darganfod-cerddoriaeth-siambr\\\/nodiadau-rhaglen-mai-2025\\\/\",\"url\":\"https:\\\/\\\/ensemble.cymru\\\/cy\\\/darganfod-cerddoriaeth-siambr\\\/nodiadau-rhaglen-mai-2025\\\/\",\"name\":\"Cread y Triawd Cyrs - Ensemble Cymru\",\"isPartOf\":{\"@id\":\"https:\\\/\\\/ensemble.cymru\\\/cy\\\/#website\"},\"primaryImageOfPage\":{\"@id\":\"https:\\\/\\\/ensemble.cymru\\\/cy\\\/darganfod-cerddoriaeth-siambr\\\/nodiadau-rhaglen-mai-2025\\\/#primaryimage\"},\"image\":{\"@id\":\"https:\\\/\\\/ensemble.cymru\\\/cy\\\/darganfod-cerddoriaeth-siambr\\\/nodiadau-rhaglen-mai-2025\\\/#primaryimage\"},\"thumbnailUrl\":\"https:\\\/\\\/ensemble.cymru\\\/wp-content\\\/uploads\\\/2025\\\/04\\\/Ange-Flegier-the-father-of-the-Reed-Trio.jpg\",\"datePublished\":\"2025-03-25T16:05:41+00:00\",\"dateModified\":\"2025-05-09T13:00:05+00:00\",\"breadcrumb\":{\"@id\":\"https:\\\/\\\/ensemble.cymru\\\/cy\\\/darganfod-cerddoriaeth-siambr\\\/nodiadau-rhaglen-mai-2025\\\/#breadcrumb\"},\"inLanguage\":\"cy\",\"potentialAction\":[{\"@type\":\"ReadAction\",\"target\":[\"https:\\\/\\\/ensemble.cymru\\\/cy\\\/darganfod-cerddoriaeth-siambr\\\/nodiadau-rhaglen-mai-2025\\\/\"]}]},{\"@type\":\"ImageObject\",\"inLanguage\":\"cy\",\"@id\":\"https:\\\/\\\/ensemble.cymru\\\/cy\\\/darganfod-cerddoriaeth-siambr\\\/nodiadau-rhaglen-mai-2025\\\/#primaryimage\",\"url\":\"https:\\\/\\\/ensemble.cymru\\\/wp-content\\\/uploads\\\/2025\\\/04\\\/Ange-Flegier-the-father-of-the-Reed-Trio.jpg\",\"contentUrl\":\"https:\\\/\\\/ensemble.cymru\\\/wp-content\\\/uploads\\\/2025\\\/04\\\/Ange-Flegier-the-father-of-the-Reed-Trio.jpg\"},{\"@type\":\"BreadcrumbList\",\"@id\":\"https:\\\/\\\/ensemble.cymru\\\/cy\\\/darganfod-cerddoriaeth-siambr\\\/nodiadau-rhaglen-mai-2025\\\/#breadcrumb\",\"itemListElement\":[{\"@type\":\"ListItem\",\"position\":1,\"name\":\"Home\",\"item\":\"https:\\\/\\\/ensemble.cymru\\\/cy\\\/\"},{\"@type\":\"ListItem\",\"position\":2,\"name\":\"Darganfod Cerddoriaeth Siambr\",\"item\":\"https:\\\/\\\/ensemble.cymru\\\/cy\\\/darganfod-cerddoriaeth-siambr\\\/\"},{\"@type\":\"ListItem\",\"position\":3,\"name\":\"Cread y Triawd Cyrs\"}]},{\"@type\":\"WebSite\",\"@id\":\"https:\\\/\\\/ensemble.cymru\\\/cy\\\/#website\",\"url\":\"https:\\\/\\\/ensemble.cymru\\\/cy\\\/\",\"name\":\"Ensemble Cymru\",\"description\":\"\",\"publisher\":{\"@id\":\"https:\\\/\\\/ensemble.cymru\\\/cy\\\/#organization\"},\"potentialAction\":[{\"@type\":\"SearchAction\",\"target\":{\"@type\":\"EntryPoint\",\"urlTemplate\":\"https:\\\/\\\/ensemble.cymru\\\/cy\\\/?s={search_term_string}\"},\"query-input\":{\"@type\":\"PropertyValueSpecification\",\"valueRequired\":true,\"valueName\":\"search_term_string\"}}],\"inLanguage\":\"cy\"},{\"@type\":\"Organization\",\"@id\":\"https:\\\/\\\/ensemble.cymru\\\/cy\\\/#organization\",\"name\":\"Ensemble Cymru\",\"url\":\"https:\\\/\\\/ensemble.cymru\\\/cy\\\/\",\"logo\":{\"@type\":\"ImageObject\",\"inLanguage\":\"cy\",\"@id\":\"https:\\\/\\\/ensemble.cymru\\\/cy\\\/#\\\/schema\\\/logo\\\/image\\\/\",\"url\":\"https:\\\/\\\/ensemble.cymru\\\/wp-content\\\/uploads\\\/2024\\\/08\\\/2019-09-02EnsembleSquareLogo.png\",\"contentUrl\":\"https:\\\/\\\/ensemble.cymru\\\/wp-content\\\/uploads\\\/2024\\\/08\\\/2019-09-02EnsembleSquareLogo.png\",\"width\":320,\"height\":320,\"caption\":\"Ensemble Cymru\"},\"image\":{\"@id\":\"https:\\\/\\\/ensemble.cymru\\\/cy\\\/#\\\/schema\\\/logo\\\/image\\\/\"},\"sameAs\":[\"https:\\\/\\\/www.facebook.com\\\/EnsCymru\\\/\",\"https:\\\/\\\/x.com\\\/EnsCymru\",\"https:\\\/\\\/www.instagram.com\\\/enscymru\"]}]}<\/script>\n<!-- \/ Yoast SEO plugin. -->","yoast_head_json":{"title":"Cread y Triawd Cyrs - Ensemble Cymru","robots":{"index":"index","follow":"follow","max-snippet":"max-snippet:-1","max-image-preview":"max-image-preview:large","max-video-preview":"max-video-preview:-1"},"canonical":"https:\/\/ensemble.cymru\/cy\/darganfod-cerddoriaeth-siambr\/nodiadau-rhaglen-mai-2025\/","og_locale":"en_US","og_type":"article","og_title":"Cread y Triawd Cyrs - Ensemble Cymru","og_description":"gan Jonathan Lyness Ar \u00f4l y Rhyfel Byd Cyntaf, roedd Margaret a Gwendoline Davies yn \u00f4l o Ffrainc ac yn brysur yn sefydlu Neuadd Gregynog fel canolfan lewyrchus ar gyfer y celfyddydau perfformio; Margaret yn hongian paentiadau Ffrengig a gasglwyd yn ystod teithiau Ewropeaidd y chwiorydd cyn y rhyfel; a Gwendoline yn trefnu gwasanaethau cerddorol,&hellip; Parhau i ddarllen Cread y Triawd Cyrs","og_url":"https:\/\/ensemble.cymru\/cy\/darganfod-cerddoriaeth-siambr\/nodiadau-rhaglen-mai-2025\/","og_site_name":"Ensemble Cymru","article_publisher":"https:\/\/www.facebook.com\/EnsCymru\/","article_modified_time":"2025-05-09T13:00:05+00:00","og_image":[{"width":604,"height":808,"url":"https:\/\/ensemble.cymru\/wp-content\/uploads\/2025\/04\/Ange-Flegier-the-father-of-the-Reed-Trio.jpg","type":"image\/jpeg"}],"twitter_card":"summary_large_image","twitter_site":"@EnsCymru","twitter_misc":{"Est. reading time":"3 munud"},"schema":{"@context":"https:\/\/schema.org","@graph":[{"@type":"WebPage","@id":"https:\/\/ensemble.cymru\/cy\/darganfod-cerddoriaeth-siambr\/nodiadau-rhaglen-mai-2025\/","url":"https:\/\/ensemble.cymru\/cy\/darganfod-cerddoriaeth-siambr\/nodiadau-rhaglen-mai-2025\/","name":"Cread y Triawd Cyrs - Ensemble Cymru","isPartOf":{"@id":"https:\/\/ensemble.cymru\/cy\/#website"},"primaryImageOfPage":{"@id":"https:\/\/ensemble.cymru\/cy\/darganfod-cerddoriaeth-siambr\/nodiadau-rhaglen-mai-2025\/#primaryimage"},"image":{"@id":"https:\/\/ensemble.cymru\/cy\/darganfod-cerddoriaeth-siambr\/nodiadau-rhaglen-mai-2025\/#primaryimage"},"thumbnailUrl":"https:\/\/ensemble.cymru\/wp-content\/uploads\/2025\/04\/Ange-Flegier-the-father-of-the-Reed-Trio.jpg","datePublished":"2025-03-25T16:05:41+00:00","dateModified":"2025-05-09T13:00:05+00:00","breadcrumb":{"@id":"https:\/\/ensemble.cymru\/cy\/darganfod-cerddoriaeth-siambr\/nodiadau-rhaglen-mai-2025\/#breadcrumb"},"inLanguage":"cy","potentialAction":[{"@type":"ReadAction","target":["https:\/\/ensemble.cymru\/cy\/darganfod-cerddoriaeth-siambr\/nodiadau-rhaglen-mai-2025\/"]}]},{"@type":"ImageObject","inLanguage":"cy","@id":"https:\/\/ensemble.cymru\/cy\/darganfod-cerddoriaeth-siambr\/nodiadau-rhaglen-mai-2025\/#primaryimage","url":"https:\/\/ensemble.cymru\/wp-content\/uploads\/2025\/04\/Ange-Flegier-the-father-of-the-Reed-Trio.jpg","contentUrl":"https:\/\/ensemble.cymru\/wp-content\/uploads\/2025\/04\/Ange-Flegier-the-father-of-the-Reed-Trio.jpg"},{"@type":"BreadcrumbList","@id":"https:\/\/ensemble.cymru\/cy\/darganfod-cerddoriaeth-siambr\/nodiadau-rhaglen-mai-2025\/#breadcrumb","itemListElement":[{"@type":"ListItem","position":1,"name":"Home","item":"https:\/\/ensemble.cymru\/cy\/"},{"@type":"ListItem","position":2,"name":"Darganfod Cerddoriaeth Siambr","item":"https:\/\/ensemble.cymru\/cy\/darganfod-cerddoriaeth-siambr\/"},{"@type":"ListItem","position":3,"name":"Cread y Triawd Cyrs"}]},{"@type":"WebSite","@id":"https:\/\/ensemble.cymru\/cy\/#website","url":"https:\/\/ensemble.cymru\/cy\/","name":"Ensemble Cymru","description":"","publisher":{"@id":"https:\/\/ensemble.cymru\/cy\/#organization"},"potentialAction":[{"@type":"SearchAction","target":{"@type":"EntryPoint","urlTemplate":"https:\/\/ensemble.cymru\/cy\/?s={search_term_string}"},"query-input":{"@type":"PropertyValueSpecification","valueRequired":true,"valueName":"search_term_string"}}],"inLanguage":"cy"},{"@type":"Organization","@id":"https:\/\/ensemble.cymru\/cy\/#organization","name":"Ensemble Cymru","url":"https:\/\/ensemble.cymru\/cy\/","logo":{"@type":"ImageObject","inLanguage":"cy","@id":"https:\/\/ensemble.cymru\/cy\/#\/schema\/logo\/image\/","url":"https:\/\/ensemble.cymru\/wp-content\/uploads\/2024\/08\/2019-09-02EnsembleSquareLogo.png","contentUrl":"https:\/\/ensemble.cymru\/wp-content\/uploads\/2024\/08\/2019-09-02EnsembleSquareLogo.png","width":320,"height":320,"caption":"Ensemble Cymru"},"image":{"@id":"https:\/\/ensemble.cymru\/cy\/#\/schema\/logo\/image\/"},"sameAs":["https:\/\/www.facebook.com\/EnsCymru\/","https:\/\/x.com\/EnsCymru","https:\/\/www.instagram.com\/enscymru"]}]}},"_links":{"self":[{"href":"https:\/\/ensemble.cymru\/cy\/wp-json\/wp\/v2\/pages\/27047","targetHints":{"allow":["GET"]}}],"collection":[{"href":"https:\/\/ensemble.cymru\/cy\/wp-json\/wp\/v2\/pages"}],"about":[{"href":"https:\/\/ensemble.cymru\/cy\/wp-json\/wp\/v2\/types\/page"}],"author":[{"embeddable":true,"href":"https:\/\/ensemble.cymru\/cy\/wp-json\/wp\/v2\/users\/54"}],"replies":[{"embeddable":true,"href":"https:\/\/ensemble.cymru\/cy\/wp-json\/wp\/v2\/comments?post=27047"}],"version-history":[{"count":10,"href":"https:\/\/ensemble.cymru\/cy\/wp-json\/wp\/v2\/pages\/27047\/revisions"}],"predecessor-version":[{"id":27122,"href":"https:\/\/ensemble.cymru\/cy\/wp-json\/wp\/v2\/pages\/27047\/revisions\/27122"}],"up":[{"embeddable":true,"href":"https:\/\/ensemble.cymru\/cy\/wp-json\/wp\/v2\/pages\/27018"}],"wp:attachment":[{"href":"https:\/\/ensemble.cymru\/cy\/wp-json\/wp\/v2\/media?parent=27047"}],"curies":[{"name":"wp","href":"https:\/\/api.w.org\/{rel}","templated":true}]}}